{"id":13033,"date":"2022-08-24T16:31:08","date_gmt":"2022-08-24T14:31:08","guid":{"rendered":"https:\/\/www.moree.de\/?post_type=product&#038;p=13033"},"modified":"2025-10-29T13:32:52","modified_gmt":"2025-10-29T12:32:52","slug":"lampadaire-et-lampe-a-arc-solaires-isa-belle","status":"publish","type":"product","link":"https:\/\/www.moree.de\/fr\/produit\/lampadaire-et-lampe-a-arc-solaires-isa-belle\/","title":{"rendered":"Lampadaire et lampe \u00e0 arc solaires &lsquo;ISA-BELLE&rsquo;"},"content":{"rendered":"<p><strong>ISA-BELLE est \u00e0 la fois un lampadaire solaire et une lampe \u00e0 arc (2 en 1)!<\/strong><\/p>\n<p>Il suffit de changer un \u00e9l\u00e9ment pour transformer le lampadaire en lampe \u00e0 arc. \u00c9quip\u00e9 d&rsquo;une batterie, il permet une utilisation flexible dans le jardin, sur les terrasses ou les balcons. Le panneau solaire int\u00e9gr\u00e9 permet d&rsquo;\u00e9conomiser de l&rsquo;\u00e9lectricit\u00e9 et rend inutile le chargement avec un bloc d&rsquo;alimentation pendant la saison claire.<\/p>\n<p><strong>Design<br \/>\n<\/strong>Ce n&rsquo;est pas seulement la fonction 2en1 qui fait la particularit\u00e9 d&rsquo;ISA-BELLE, mais aussi sa forme \u00e9l\u00e9gante et r\u00e9duite. L&rsquo;abat-jour amovible en tissu r\u00e9fracte la lumi\u00e8re de la source lumineuse et emp\u00eache l&rsquo;\u00e9blouissement par les LED lumineuses.<\/p>\n<p><strong>Mat\u00e9riaux et Technique<\/strong><br \/>\nLe lampadaire solaire d&rsquo;ext\u00e9rieur et le luminaire solaire \u00e0 arc convainquent par la finition de haute qualit\u00e9 du corps et de l&rsquo;unit\u00e9 LED. La structure du lampadaire et du luminaire \u00e0 arc est en m\u00e9tal rev\u00eatu par poudre, l&rsquo;abat-jour est en PE adapt\u00e9 \u00e0 l&rsquo;ext\u00e9rieur. Il est int\u00e9ressant de noter qu&rsquo;il suffit de changer un \u00e9l\u00e9ment tubulaire de la structure pour transformer le lampadaire en lampe \u00e0 arc.<\/p>\n<p>L&rsquo;unit\u00e9 LED se trouvant dans l&rsquo;abat-jour \u00e9claire d&rsquo;une lumi\u00e8re blanche chaude et se recharge \u00e0 la lumi\u00e8re du jour gr\u00e2ce \u00e0 un panneau solaire int\u00e9gr\u00e9. Un bloc d&rsquo;alimentation USB permet de charger la lampe pendant la saison sombre, mais il est \u00e9galement possible de la charger avec une banque d&rsquo;\u00e9nergie. Le bloc d&rsquo;alimentation USB est inclus dans la livraison. La luminosit\u00e9 des LED peut \u00eatre r\u00e9gl\u00e9e par paliers \u00e0 l&rsquo;aide d&rsquo;un variateur. Il est donc possible de l&rsquo;utiliser comme lampe de lecture ou de tamiser l&rsquo;\u00e9clairage d&rsquo;un coin salon ou d&rsquo;une salle \u00e0 manger.<\/p>\n<p><strong>Batterie rechargeable<\/strong><br \/>\nUne lampe d&rsquo;ext\u00e9rieur avec une batterie rechargeable offre une grande flexibilit\u00e9. C&rsquo;est justement \u00e0 l&rsquo;ext\u00e9rieur que les prises de courant et les possibilit\u00e9s de chargement font souvent d\u00e9faut. Le lampadaire solaire ISA-BELLE r\u00e9sout ce probl\u00e8me de mani\u00e8re \u00e9l\u00e9gante. En effet, lorsque l&rsquo;accu est charg\u00e9, la dur\u00e9e de fonctionnement est de 7 heures pour une puissance lumineuse de 100 %, avec une intensit\u00e9 r\u00e9duite, il est possible d&rsquo;obtenir des dur\u00e9es de fonctionnement plus longues, jusqu&rsquo;\u00e0 18 heures.<\/p>\n<p><strong>Domaines d&rsquo;application<br \/>\n<\/strong>Le lampadaire avec batterie convient pour l&rsquo;int\u00e9rieur et l&rsquo;ext\u00e9rieur. En d&rsquo;autres termes, le lampadaire est certifi\u00e9 IP 44.<\/p>\n<p>_____<br \/>\nComme alternative au lampadaire avec batterie, nous proposons un<em><strong><a href=\"https:\/\/www.moree.de\/fr\/shop\/eclairage-led\/lampadaire-design\/\"> lampadaire d&rsquo;ext\u00e9rieur avec c\u00e2ble<\/a><\/strong><\/em>. En outre, diverses housses de lampe aux designs vari\u00e9s sont disponibles pour le lampadaire SWAP. Le luminaire dispose d&rsquo;une douille E27 et peut \u00e9galement \u00eatre \u00e9quip\u00e9 d&rsquo;ampoules LED de couleur.<\/p>\n<p>Vous trouverez d&rsquo;autres id\u00e9es sur le th\u00e8me de l&rsquo;\u00e9clairage de jardin et de terrasse sur <strong><em><a href=\"https:\/\/www.pinterest.de\/moreede\/beleuchtung-terrasse-garten-und-balkon-stehlampe\/\">Pinterest.<\/a><\/em><\/strong><\/p>\n","protected":false},"excerpt":{"rendered":"<p>2en1, lampadaire et lampe \u00e0 arc en un, en changeant seulement un composant ! \u00c9conomiser de l&rsquo;\u00e9nergie et recharger avec le panneau solaire int\u00e9gr\u00e9 ! De plus, la batterie peut \u00eatre recharg\u00e9e par un chargeur.<\/p>\n","protected":false},"featured_media":12164,"template":"","meta":{"_acf_changed":false},"product_brand":[],"product_cat":[270,487,272,491,490,510,485],"product_tag":[],"class_list":{"0":"post-13033","1":"product","2":"type-product","3":"status-publish","4":"has-post-thumbnail","6":"product_cat-lampe-sans-fil","7":"product_cat-eclairage-led","8":"product_cat-salon-de-jardin-exterieur","9":"product_cat-lampadaire-design","10":"product_cat-eclairage-solaire-exterieur","11":"product_cat-eclairage-exterieur-terrasse","12":"product_cat-lampe-exterieure-sans-fil","14":"first","15":"instock","16":"taxable","17":"shipping-taxable","18":"purchasable","19":"product-type-simple"},"acf":[],"yoast_head":"<!-- This site is optimized with the Yoast SEO plugin v26.8 - https:\/\/yoast.com\/product\/yoast-seo-wordpress\/ -->\n<title>Lampadaire et lampe \u00e0 arc solaires &#039;ISA-BELLE&#039; - Moree.de<\/title>\n<meta name=\"description\" content=\"ISA-BELLE, lampe \u00e0 arc d&#039;ext\u00e9rieur transformable en lampadaire, convient aussi bien aux petits balcons qu&#039;aux grandes terrasses, double charge gr\u00e2ce au solaire et \u00e0 l&#039;USB\" \/>\n<meta name=\"robots\" content=\"index, follow, max-snippet:-1, max-image-preview:large, max-video-preview:-1\" \/>\n<link rel=\"canonical\" href=\"https:\/\/www.moree.de\/fr\/produit\/lampadaire-et-lampe-a-arc-solaires-isa-belle\/\" \/>\n<meta property=\"og:locale\" content=\"fr_FR\" \/>\n<meta property=\"og:type\" content=\"article\" \/>\n<meta property=\"og:title\" content=\"Lampadaire et lampe \u00e0 arc solaires &#039;ISA-BELLE&#039; - Moree.de\" \/>\n<meta property=\"og:description\" content=\"ISA-BELLE, lampe \u00e0 arc d&#039;ext\u00e9rieur transformable en lampadaire, convient aussi bien aux petits balcons qu&#039;aux grandes terrasses, double charge gr\u00e2ce au solaire et \u00e0 l&#039;USB\" \/>\n<meta property=\"og:url\" content=\"https:\/\/www.moree.de\/fr\/produit\/lampadaire-et-lampe-a-arc-solaires-isa-belle\/\" \/>\n<meta property=\"og:site_name\" content=\"Moree.de\" \/>\n<meta property=\"article:modified_time\" content=\"2025-10-29T12:32:52+00:00\" \/>\n<meta property=\"og:image\" content=\"https:\/\/www.moree.de\/wp-content\/uploads\/2022\/06\/44-01-01-Isa-Belle-Bogenleuchte-Stehleuchte-Outdoor-2in1.jpg\" \/>\n\t<meta property=\"og:image:width\" content=\"1200\" \/>\n\t<meta property=\"og:image:height\" content=\"1200\" \/>\n\t<meta property=\"og:image:type\" content=\"image\/jpeg\" \/>\n<meta name=\"twitter:card\" content=\"summary_large_image\" \/>\n<script type=\"application\/ld+json\" class=\"yoast-schema-graph\">{\"@context\":\"https:\/\/schema.org\",\"@graph\":[{\"@type\":\"WebPage\",\"@id\":\"https:\/\/www.moree.de\/fr\/produit\/lampadaire-et-lampe-a-arc-solaires-isa-belle\/\",\"url\":\"https:\/\/www.moree.de\/fr\/produit\/lampadaire-et-lampe-a-arc-solaires-isa-belle\/\",\"name\":\"Lampadaire et lampe \u00e0 arc solaires 'ISA-BELLE' - Moree.de\",\"isPartOf\":{\"@id\":\"https:\/\/www.moree.de\/fr\/#website\"},\"primaryImageOfPage\":{\"@id\":\"https:\/\/www.moree.de\/fr\/produit\/lampadaire-et-lampe-a-arc-solaires-isa-belle\/#primaryimage\"},\"image\":{\"@id\":\"https:\/\/www.moree.de\/fr\/produit\/lampadaire-et-lampe-a-arc-solaires-isa-belle\/#primaryimage\"},\"thumbnailUrl\":\"https:\/\/www.moree.de\/wp-content\/uploads\/2022\/06\/44-01-01-Isa-Belle-Bogenleuchte-Stehleuchte-Outdoor-2in1.jpg\",\"datePublished\":\"2022-08-24T14:31:08+00:00\",\"dateModified\":\"2025-10-29T12:32:52+00:00\",\"description\":\"ISA-BELLE, lampe \u00e0 arc d'ext\u00e9rieur transformable en lampadaire, convient aussi bien aux petits balcons qu'aux grandes terrasses, double charge gr\u00e2ce au solaire et \u00e0 l'USB\",\"breadcrumb\":{\"@id\":\"https:\/\/www.moree.de\/fr\/produit\/lampadaire-et-lampe-a-arc-solaires-isa-belle\/#breadcrumb\"},\"inLanguage\":\"fr-FR\",\"potentialAction\":[{\"@type\":\"ReadAction\",\"target\":[\"https:\/\/www.moree.de\/fr\/produit\/lampadaire-et-lampe-a-arc-solaires-isa-belle\/\"]}]},{\"@type\":\"ImageObject\",\"inLanguage\":\"fr-FR\",\"@id\":\"https:\/\/www.moree.de\/fr\/produit\/lampadaire-et-lampe-a-arc-solaires-isa-belle\/#primaryimage\",\"url\":\"https:\/\/www.moree.de\/wp-content\/uploads\/2022\/06\/44-01-01-Isa-Belle-Bogenleuchte-Stehleuchte-Outdoor-2in1.jpg\",\"contentUrl\":\"https:\/\/www.moree.de\/wp-content\/uploads\/2022\/06\/44-01-01-Isa-Belle-Bogenleuchte-Stehleuchte-Outdoor-2in1.jpg\",\"width\":1200,\"height\":1200,\"caption\":\"Lampadaire solaire, lampe \u00e0 arc d'ext\u00e9rieur\"},{\"@type\":\"BreadcrumbList\",\"@id\":\"https:\/\/www.moree.de\/fr\/produit\/lampadaire-et-lampe-a-arc-solaires-isa-belle\/#breadcrumb\",\"itemListElement\":[{\"@type\":\"ListItem\",\"position\":1,\"name\":\"Home\",\"item\":\"https:\/\/www.moree.de\/fr\/\"},{\"@type\":\"ListItem\",\"position\":2,\"name\":\"Shop\",\"item\":\"https:\/\/www.moree.de\/shop\/\"},{\"@type\":\"ListItem\",\"position\":3,\"name\":\"Lampadaire et lampe \u00e0 arc solaires &#8218;ISA-BELLE&#8216;\"}]},{\"@type\":\"WebSite\",\"@id\":\"https:\/\/www.moree.de\/fr\/#website\",\"url\":\"https:\/\/www.moree.de\/fr\/\",\"name\":\"Moree.de\",\"description\":\"Gastronomie M\u00f6bel, Lounge M\u00f6bel, Barhocker und LED M\u00f6bel\",\"publisher\":{\"@id\":\"https:\/\/www.moree.de\/fr\/#organization\"},\"potentialAction\":[{\"@type\":\"SearchAction\",\"target\":{\"@type\":\"EntryPoint\",\"urlTemplate\":\"https:\/\/www.moree.de\/fr\/?s={search_term_string}\"},\"query-input\":{\"@type\":\"PropertyValueSpecification\",\"valueRequired\":true,\"valueName\":\"search_term_string\"}}],\"inLanguage\":\"fr-FR\"},{\"@type\":\"Organization\",\"@id\":\"https:\/\/www.moree.de\/fr\/#organization\",\"name\":\"Moree.de\",\"url\":\"https:\/\/www.moree.de\/fr\/\",\"logo\":{\"@type\":\"ImageObject\",\"inLanguage\":\"fr-FR\",\"@id\":\"https:\/\/www.moree.de\/fr\/#\/schema\/logo\/image\/\",\"url\":\"https:\/\/www.moree.de\/wp-content\/uploads\/2021\/05\/moree-logo.svg\",\"contentUrl\":\"https:\/\/www.moree.de\/wp-content\/uploads\/2021\/05\/moree-logo.svg\",\"width\":349,\"height\":62,\"caption\":\"Moree.de\"},\"image\":{\"@id\":\"https:\/\/www.moree.de\/fr\/#\/schema\/logo\/image\/\"}}]}<\/script>\n<!-- \/ Yoast SEO plugin. -->","yoast_head_json":{"title":"Lampadaire et lampe \u00e0 arc solaires 'ISA-BELLE' - Moree.de","description":"ISA-BELLE, lampe \u00e0 arc d'ext\u00e9rieur transformable en lampadaire, convient aussi bien aux petits balcons qu'aux grandes terrasses, double charge gr\u00e2ce au solaire et \u00e0 l'USB","robots":{"index":"index","follow":"follow","max-snippet":"max-snippet:-1","max-image-preview":"max-image-preview:large","max-video-preview":"max-video-preview:-1"},"canonical":"https:\/\/www.moree.de\/fr\/produit\/lampadaire-et-lampe-a-arc-solaires-isa-belle\/","og_locale":"fr_FR","og_type":"article","og_title":"Lampadaire et lampe \u00e0 arc solaires 'ISA-BELLE' - Moree.de","og_description":"ISA-BELLE, lampe \u00e0 arc d'ext\u00e9rieur transformable en lampadaire, convient aussi bien aux petits balcons qu'aux grandes terrasses, double charge gr\u00e2ce au solaire et \u00e0 l'USB","og_url":"https:\/\/www.moree.de\/fr\/produit\/lampadaire-et-lampe-a-arc-solaires-isa-belle\/","og_site_name":"Moree.de","article_modified_time":"2025-10-29T12:32:52+00:00","og_image":[{"width":1200,"height":1200,"url":"https:\/\/www.moree.de\/wp-content\/uploads\/2022\/06\/44-01-01-Isa-Belle-Bogenleuchte-Stehleuchte-Outdoor-2in1.jpg","type":"image\/jpeg"}],"twitter_card":"summary_large_image","schema":{"@context":"https:\/\/schema.org","@graph":[{"@type":"WebPage","@id":"https:\/\/www.moree.de\/fr\/produit\/lampadaire-et-lampe-a-arc-solaires-isa-belle\/","url":"https:\/\/www.moree.de\/fr\/produit\/lampadaire-et-lampe-a-arc-solaires-isa-belle\/","name":"Lampadaire et lampe \u00e0 arc solaires 'ISA-BELLE' - Moree.de","isPartOf":{"@id":"https:\/\/www.moree.de\/fr\/#website"},"primaryImageOfPage":{"@id":"https:\/\/www.moree.de\/fr\/produit\/lampadaire-et-lampe-a-arc-solaires-isa-belle\/#primaryimage"},"image":{"@id":"https:\/\/www.moree.de\/fr\/produit\/lampadaire-et-lampe-a-arc-solaires-isa-belle\/#primaryimage"},"thumbnailUrl":"https:\/\/www.moree.de\/wp-content\/uploads\/2022\/06\/44-01-01-Isa-Belle-Bogenleuchte-Stehleuchte-Outdoor-2in1.jpg","datePublished":"2022-08-24T14:31:08+00:00","dateModified":"2025-10-29T12:32:52+00:00","description":"ISA-BELLE, lampe \u00e0 arc d'ext\u00e9rieur transformable en lampadaire, convient aussi bien aux petits balcons qu'aux grandes terrasses, double charge gr\u00e2ce au solaire et \u00e0 l'USB","breadcrumb":{"@id":"https:\/\/www.moree.de\/fr\/produit\/lampadaire-et-lampe-a-arc-solaires-isa-belle\/#breadcrumb"},"inLanguage":"fr-FR","potentialAction":[{"@type":"ReadAction","target":["https:\/\/www.moree.de\/fr\/produit\/lampadaire-et-lampe-a-arc-solaires-isa-belle\/"]}]},{"@type":"ImageObject","inLanguage":"fr-FR","@id":"https:\/\/www.moree.de\/fr\/produit\/lampadaire-et-lampe-a-arc-solaires-isa-belle\/#primaryimage","url":"https:\/\/www.moree.de\/wp-content\/uploads\/2022\/06\/44-01-01-Isa-Belle-Bogenleuchte-Stehleuchte-Outdoor-2in1.jpg","contentUrl":"https:\/\/www.moree.de\/wp-content\/uploads\/2022\/06\/44-01-01-Isa-Belle-Bogenleuchte-Stehleuchte-Outdoor-2in1.jpg","width":1200,"height":1200,"caption":"Lampadaire solaire, lampe \u00e0 arc d'ext\u00e9rieur"},{"@type":"BreadcrumbList","@id":"https:\/\/www.moree.de\/fr\/produit\/lampadaire-et-lampe-a-arc-solaires-isa-belle\/#breadcrumb","itemListElement":[{"@type":"ListItem","position":1,"name":"Home","item":"https:\/\/www.moree.de\/fr\/"},{"@type":"ListItem","position":2,"name":"Shop","item":"https:\/\/www.moree.de\/shop\/"},{"@type":"ListItem","position":3,"name":"Lampadaire et lampe \u00e0 arc solaires &#8218;ISA-BELLE&#8216;"}]},{"@type":"WebSite","@id":"https:\/\/www.moree.de\/fr\/#website","url":"https:\/\/www.moree.de\/fr\/","name":"Moree.de","description":"Gastronomie M\u00f6bel, Lounge M\u00f6bel, Barhocker und LED M\u00f6bel","publisher":{"@id":"https:\/\/www.moree.de\/fr\/#organization"},"potentialAction":[{"@type":"SearchAction","target":{"@type":"EntryPoint","urlTemplate":"https:\/\/www.moree.de\/fr\/?s={search_term_string}"},"query-input":{"@type":"PropertyValueSpecification","valueRequired":true,"valueName":"search_term_string"}}],"inLanguage":"fr-FR"},{"@type":"Organization","@id":"https:\/\/www.moree.de\/fr\/#organization","name":"Moree.de","url":"https:\/\/www.moree.de\/fr\/","logo":{"@type":"ImageObject","inLanguage":"fr-FR","@id":"https:\/\/www.moree.de\/fr\/#\/schema\/logo\/image\/","url":"https:\/\/www.moree.de\/wp-content\/uploads\/2021\/05\/moree-logo.svg","contentUrl":"https:\/\/www.moree.de\/wp-content\/uploads\/2021\/05\/moree-logo.svg","width":349,"height":62,"caption":"Moree.de"},"image":{"@id":"https:\/\/www.moree.de\/fr\/#\/schema\/logo\/image\/"}}]}},"_links":{"self":[{"href":"https:\/\/www.moree.de\/fr\/wp-json\/wp\/v2\/product\/13033","targetHints":{"allow":["GET"]}}],"collection":[{"href":"https:\/\/www.moree.de\/fr\/wp-json\/wp\/v2\/product"}],"about":[{"href":"https:\/\/www.moree.de\/fr\/wp-json\/wp\/v2\/types\/product"}],"wp:featuredmedia":[{"embeddable":true,"href":"https:\/\/www.moree.de\/fr\/wp-json\/wp\/v2\/media\/12164"}],"wp:attachment":[{"href":"https:\/\/www.moree.de\/fr\/wp-json\/wp\/v2\/media?parent=13033"}],"wp:term":[{"taxonomy":"product_brand","embeddable":true,"href":"https:\/\/www.moree.de\/fr\/wp-json\/wp\/v2\/product_brand?post=13033"},{"taxonomy":"product_cat","embeddable":true,"href":"https:\/\/www.moree.de\/fr\/wp-json\/wp\/v2\/product_cat?post=13033"},{"taxonomy":"product_tag","embeddable":true,"href":"https:\/\/www.moree.de\/fr\/wp-json\/wp\/v2\/product_tag?post=13033"}],"curies":[{"name":"wp","href":"https:\/\/api.w.org\/{rel}","templated":true}]}}